{"id":22767,"date":"2025-03-10T16:14:49","date_gmt":"2025-03-10T23:14:49","guid":{"rendered":"https:\/\/vccf.org\/?post_type=tribe_events&#038;p=22767"},"modified":"2025-03-10T16:14:49","modified_gmt":"2025-03-10T23:14:49","slug":"district-2-supervisorial-leadership-excellence-awards","status":"publish","type":"tribe_events","link":"https:\/\/vccf.org\/es\/community-event\/district-2-supervisorial-leadership-excellence-awards\/","title":{"rendered":"Premios a la Excelencia y al Liderazgo de los Supervisores del Distrito 2"},"content":{"rendered":"<p>Acomp\u00e1\u00f1enos en una elegante velada en honor a los l\u00edderes excepcionales que gu\u00edan a nuestra comunidad con visi\u00f3n, dedicaci\u00f3n y servicio. Con el hermoso tel\u00f3n de fondo del campus de Amgen en Newbury Park, este evento especial re\u00fane a los miembros de la comunidad para reconocer la excelencia en el liderazgo mientras se apoya una causa vital.<\/p>\n<p>El supervisor Jeff Gorell est\u00e1 organizando una velada especial para celebrar a los l\u00edderes destacados que inspiran, sirven y fortalecen a nuestra comunidad. El evento tendr\u00e1 lugar en el Campus de Amgen en Newbury Park el 21 de mayo de 2025, de 5 a 7 PM y reunir\u00e1 a miembros de la comunidad para reconocer la excelencia en el liderazgo. La entrada anticipada para este evento comienza a las 4 p.m.<\/p>\n<p>Disfrute de una cuidada selecci\u00f3n de aperitivos y bebidas mientras celebramos a quienes marcan la diferencia. Se recomienda vestir de c\u00f3ctel.<\/p>\n<p>Adem\u00e1s de honrar a los l\u00edderes locales, este evento apoya una causa vital. El Supervisor Gorell se ha asociado con la Fundaci\u00f3n Comunitaria del Condado de Ventura para proporcionar la ayuda que tanto necesitan los afectados por el Incendio de Monta\u00f1a. Los beneficios del evento se destinar\u00e1n a ayudar a las familias afectadas a reconstruir y recuperarse.<\/p>\n<p>\u00danase a nosotros para celebrar el liderazgo y marcar la diferencia en nuestra comunidad. Juntos, podemos apoyar a los necesitados y reconocer a las personas que hacen del Distrito 2 un lugar mejor para todos. Marque su calendario y participe en esta inspiradora noche de reconocimiento e impacto. Estamos deseando celebrarlo contigo.<\/p>\n<p><a href=\"https:\/\/www.ventura.org\/board-of-supervisors\/district-2-jeff-gorell\/district2awards\/\" target=\"_blank\" rel=\"noopener\">Inscr\u00edbase en este acto o nomine a un l\u00edder comunitario aqu\u00ed.<\/a><\/p>","protected":false},"excerpt":{"rendered":"<p>\u00danase a nosotros en una elegante velada en honor a los excepcionales l\u00edderes que gu\u00edan a nuestra comunidad con visi\u00f3n, dedicaci\u00f3n y servicio. Con el hermoso tel\u00f3n de fondo del campus de Amgen en Newbury...<\/p>","protected":false},"author":8,"featured_media":22768,"template":"","meta":{"_acf_changed":false,"give_campaign_id":0,"_tribe_events_status":"","_tribe_events_status_reason":"","_tribe_events_is_hybrid":"","_tribe_events_is_virtual":"","_tribe_events_virtual_video_source":"","_tribe_events_virtual_embed_video":"","_tribe_events_virtual_linked_button_text":"","_tribe_events_virtual_linked_button":"","_tribe_events_virtual_show_embed_at":"","_tribe_events_virtual_show_embed_to":[],"_tribe_events_virtual_show_on_event":"","_tribe_events_virtual_show_on_views":"","_tribe_events_virtual_url":"","footnotes":""},"tags":[],"tribe_events_cat":[],"class_list":["post-22767","tribe_events","type-tribe_events","status-publish","has-post-thumbnail","hentry"],"acf":[],"_links":{"self":[{"href":"https:\/\/vccf.org\/es\/wp-json\/wp\/v2\/tribe_events\/22767","targetHints":{"allow":["GET"]}}],"collection":[{"href":"https:\/\/vccf.org\/es\/wp-json\/wp\/v2\/tribe_events"}],"about":[{"href":"https:\/\/vccf.org\/es\/wp-json\/wp\/v2\/types\/tribe_events"}],"author":[{"embeddable":true,"href":"https:\/\/vccf.org\/es\/wp-json\/wp\/v2\/users\/8"}],"version-history":[{"count":0,"href":"https:\/\/vccf.org\/es\/wp-json\/wp\/v2\/tribe_events\/22767\/revisions"}],"wp:featuredmedia":[{"embeddable":true,"href":"https:\/\/vccf.org\/es\/wp-json\/wp\/v2\/media\/22768"}],"wp:attachment":[{"href":"https:\/\/vccf.org\/es\/wp-json\/wp\/v2\/media?parent=22767"}],"wp:term":[{"taxonomy":"post_tag","embeddable":true,"href":"https:\/\/vccf.org\/es\/wp-json\/wp\/v2\/tags?post=22767"},{"taxonomy":"tribe_events_cat","embeddable":true,"href":"https:\/\/vccf.org\/es\/wp-json\/wp\/v2\/tribe_events_cat?post=22767"}],"curies":[{"name":"wp","href":"https:\/\/api.w.org\/{rel}","templated":true}]}}