{"id":181,"date":"2024-04-12T09:37:08","date_gmt":"2024-04-12T09:37:08","guid":{"rendered":"https:\/\/vccf.org\/?post_type=vccf-initiatives&#038;p=181"},"modified":"2026-04-22T10:54:41","modified_gmt":"2026-04-22T17:54:41","slug":"environmental-initiative","status":"publish","type":"vccf-initiatives","link":"https:\/\/vccf.org\/es\/vccf-initiatives\/environmental-initiative\/","title":{"rendered":"Iniciativa medioambiental"},"content":{"rendered":"<h3>\n\t\t\tAbout VCCF&#8217;s Environmental Initiative\t<\/h3>\n\t<p>El condado de Ventura fue identificado por el Washington Post como el condado de calentamiento m\u00e1s r\u00e1pido en los Estados Unidos continentales, con un aumento medio de la temperatura del aire de 4,68 grados Fahrenheit desde finales de 1800, el doble que la media mundial. Adem\u00e1s, en 2021, la Alianza C\u00edvica del Condado de Ventura identific\u00f3 la sequ\u00eda y el cambio clim\u00e1tico como las mayores amenazas a las que se enfrenta nuestra comunidad. Se hizo crucial que la Fundaci\u00f3n Comunitaria del Condado de Ventura abordara el cambio clim\u00e1tico a trav\u00e9s de una Iniciativa Medioambiental.<\/p>\n\t<p>Para m\u00e1s informaci\u00f3n, p\u00f3ngase en contacto con Mike Silacci en <a href=\"mailto:msilacci@vccf.org\">msilacci@vccf.org<\/a>.<\/p>\n<figure itemscope itemtype=\"https:\/\/schema.org\/ImageObject\">\n\t\t\t\t<img decoding=\"async\" src=\"https:\/\/vccf.org\/wp-content\/uploads\/2024\/04\/2024-Environmental-Image-1.png\" alt=\"2024 Environmental Image (1)\" height=\"563\" width=\"1000\" title=\"2024 Imagen medioambiental (1)\" onerror=\"this.style.display='none'\" loading=\"lazy\" \/>\n\t<\/figure>\n<h3>\n\t\t\tIniciativa medioambiental\t<\/h3>\n\t\t\t\tFundaci\u00f3n Comunitaria Climate Collaborative\n\t\t\t\t<p>La VCCF se ha unido a la Community Foundation Climate Collaborative como miembro de la Red de Acci\u00f3n Regional del Gran Pac\u00edfico. Este grupo se centra en la interseccionalidad del clima, la justicia econ\u00f3mica y la transici\u00f3n hacia una energ\u00eda limpia; ofrece respuestas inmediatas de emergencia y crisis al tiempo que aborda las causas profundas y apoya la resiliencia a largo plazo; traslada el poder a las comunidades que han sido excluidas de los espacios clave de toma de decisiones; y crea alianzas y desarrollo de capacidades para las organizaciones sin \u00e1nimo de lucro.<\/p>\n\t\t\t\tColaboraci\u00f3n clim\u00e1tica de la Costa Central\n\t\t\t\t<p>in 2025, VCCF joined the Central Coast Climate Collaborative (4C), an organizing platform, uniting local governments, communities, nonprofits, businesses, academia, and Tribes to collaboratively advance climate equity and resilience across California&#8217;s Central Coast region.<\/p>\n<p>4C believes that climate change is the greatest threat to humanity and all living beings, with economic and racial disparities exacerbating its impact on vulnerable communities. We must unite to address these shared challenges, recognizing that our diverse people, cultures, economies, and geography provide a unique strength. Effective solutions depend on partnership, collaboration, and transparency across organizations and communities. While urgency is critical, building trust and overcoming barriers at a collaborative pace is essential to creating lasting support systems and in the long run, the only viable solutions for society are just and equitable solutions.<\/p>\n<p>The Central Coast faces interconnected challenges, including ecosystem degradation, economic inequality, and social divisions, all exacerbated by climate threats such as sea level rise, wildfires, drought, and decreasing water supply. These issues often cross existing boundaries, making regional collaboration essential. 4C addresses these challenges by uniting local governments, communities, nonprofits, businesses, academia, and tribes to advance climate solutions and build resilience. It serves as an information hub and capacity builder, tracking funding opportunities, offering training, and hosting convenings to connect stakeholders across the region. Through these efforts, 4C works to promote equitable access to climate solutions and advocates for the unique needs of the Central Coast.<\/p>\n\t\t\t\tGira de escucha medioambiental\n\t\t\t\t<p>En abril de 2021, la VCCF emprendi\u00f3 una gira de escucha medioambiental despu\u00e9s de que el 76% de los donantes de un grupo de discusi\u00f3n identificaran el medio ambiente como una de las dos principales \u00e1reas de inter\u00e9s para sus donaciones. Seg\u00fan Giving USA, la media nacional de contribuciones al medio ambiente en 2022 fue de 3%, en comparaci\u00f3n con el 2,5% por ciento de las donaciones anuales de la VCCF en apoyo del medio ambiente en 2022.<\/p>\n<p>Hasta la fecha, m\u00e1s de 50 organizaciones con programas en el condado de Ventura centrados en cuestiones medioambientales, desde la justicia medioambiental, la conservaci\u00f3n y restauraci\u00f3n, la recuperaci\u00f3n y prevenci\u00f3n de incendios forestales, los recursos naturales, la educaci\u00f3n de los j\u00f3venes, el acceso a los alimentos de la granja a la mesa, el desarrollo de la mano de obra, y mucho m\u00e1s, han asistido y compartido sus necesidades y d\u00f3nde la filantrop\u00eda puede ayudar mejor a llenar los vac\u00edos a trav\u00e9s de la Gira de Escucha Medioambiental.<\/p>\n<p>La Fundaci\u00f3n Comunitaria del Condado de Ventura se ha reunido con m\u00e1s de 50 organizaciones medioambientales locales sin \u00e1nimo de lucro y socios comunitarios, a trav\u00e9s de Zoom y mediante visitas presenciales, para conocer sus causas y necesidades, que pueden ser apoyadas a trav\u00e9s de la filantrop\u00eda.<\/p>\n<p><strong>Resultados de la gira de escucha medioambiental<\/strong><\/p>\n<ul>\n<li><b>Desarrollo de capacidades:<\/b> La mayor\u00eda de las organizaciones expresaron la necesidad de m\u00e1s subvenciones para el desarrollo de capacidades y financiaci\u00f3n a largo plazo, explicando por qu\u00e9 este tipo de financiaci\u00f3n puede ser m\u00e1s dif\u00edcil de conseguir cuando sus proyectos abarcan varios a\u00f1os, en lugar de m\u00e1s apoyo a corto plazo.<br \/>\n<b>C\u00f3mo aborda la VCCF esta carencia:<\/b> La VCCF recauda fondos para cubrir las necesidades operativas de las organizaciones medioambientales sin \u00e1nimo de lucro, de modo que puedan seguir realizando su gran labor.<\/li>\n<li><b>Colaboraci\u00f3n en todo el sector:<\/b> Muchas de estas organizaciones llevan a cabo un trabajo similar, y con una introducci\u00f3n a trav\u00e9s de una iniciativa medioambiental para todo el condado de Ventura podr\u00edan establecer relaciones y abordar las mayores necesidades de la comunidad.<br \/>\n<b>C\u00f3mo aborda la VCCF esta carencia:<\/b> La VCCF facilita activamente las asociaciones y fomenta las relaciones continuas entre organizaciones medioambientales de diversos sectores, creando oportunidades para que organizaciones que quiz\u00e1 no hayan trabajado juntas anteriormente se conecten, compartan ideas e identifiquen objetivos comunes.<\/li>\n<li><b>Educaci\u00f3n, participaci\u00f3n y defensa de la comunidad:<\/b> Casi todas las organizaciones han hecho un llamamiento a la filantrop\u00eda para que siga apoyando sus programas e iniciativas educativas y fomentando sus esfuerzos de participaci\u00f3n comunitaria. Las organizaciones explicaron las ventajas de que los donantes y colaboradores filantr\u00f3picos participen en su trabajo asistiendo a reuniones, visitando sedes y conociendo su labor de organizaci\u00f3n, defensa y compromiso con la comunidad local.<br \/>\n<b>C\u00f3mo aborda la VCCF esta carencia:<\/b> La VCCF colabora en la coordinaci\u00f3n de visitas y reuniones para conocer mejor las organizaciones asociadas y c\u00f3mo la filantrop\u00eda puede apoyar mejor sus programas y ampliar su trabajo en el condado de Ventura.<\/li>\n<\/ul>\n<p>Los siguientes grupos han participado en la Gira de Escucha Medioambiental de la VCCF:<\/p>\n<ul>\n<li><a href=\"https:\/\/aeoe.org\/\" target=\"_blank\" rel=\"noopener\">Asociaci\u00f3n para la Educaci\u00f3n Ambiental y al Aire Libre<\/a><\/li>\n<li><a href=\"https:\/\/bikeventura.org\/the-bike-hubs\/\" target=\"_blank\" rel=\"noopener\">Bike Ventura County &#8211; Oxnard Bike HUB<\/a><\/li>\n<li><a href=\"https:\/\/scc.ca.gov\/\" target=\"_blank\" rel=\"noopener\">Conservaci\u00f3n Costera del Estado de California<\/a><\/li>\n<li><a href=\"https:\/\/causenow.org\/\" target=\"_blank\" rel=\"noopener\">Alianza de la Costa Central Unida por una Econom\u00eda Sostenible (CAUSE)<\/a><\/li>\n<li><a href=\"https:\/\/www.centralcoastclimate.org\/\" target=\"_blank\" rel=\"noopener\">Colaboraci\u00f3n clim\u00e1tica de la Costa Central<\/a><\/li>\n<li><a href=\"https:\/\/www.cccjn.org\/\" target=\"_blank\" rel=\"noopener\">Red de Justicia Clim\u00e1tica de la Costa Central (C3JN)<\/a><\/li>\n<li><a href=\"https:\/\/channelislands.noaa.gov\/\" target=\"_blank\" rel=\"noopener\">Santuario Marino Nacional de las Islas del Canal<\/a><\/li>\n<li><a href=\"https:\/\/cleanpoweralliance.org\/\" target=\"_blank\" rel=\"noopener\">Alianza para una energ\u00eda limpia<\/a><\/li>\n<li><a href=\"https:\/\/cfrog.org\/\" target=\"_blank\" rel=\"noopener\">El clima primero, el petr\u00f3leo y el gas despu\u00e9s (CFROG)<\/a><\/li>\n<li><a href=\"https:\/\/www.climaterealityproject.org\/\" target=\"_blank\" rel=\"noopener\">Proyecto Realidad Clim\u00e1tica, Secci\u00f3n Ventura<\/a><\/li>\n<li><a href=\"https:\/\/cecsb.org\/\" target=\"_blank\" rel=\"noopener\">Consejo Comunitario de Medio Ambiente (CEC)<\/a><\/li>\n<li><a href=\"https:\/\/www.crewojai.org\/\" target=\"_blank\" rel=\"noopener\">Trabajadores preocupados por los recursos y el medio ambiente (CREW)<\/a><\/li>\n<li><a href=\"https:\/\/sustain.ventura.org\/\" target=\"_blank\" rel=\"noopener\">Divisi\u00f3n de Sostenibilidad del Condado de Ventura<\/a><\/li>\n<li><a href=\"https:\/\/www.ctc4c.org\/\" target=\"_blank\" rel=\"noopener\">Cruzar el Canal por una causa<\/a><\/li>\n<li><a href=\"https:\/\/www.environmentaldefensecenter.org\/\" target=\"_blank\" rel=\"noopener\">Centro de Defensa del Medio Ambiente (EDC)<\/a><\/li>\n<li><a href=\"https:\/\/foodforward.org\/\" target=\"_blank\" rel=\"noopener\">Alimentos<\/a><\/li>\n<li><a href=\"https:\/\/fscr.org\/\" target=\"_blank\" rel=\"noopener\">Amigos del r\u00edo Santa Clara<\/a><\/li>\n<li><a href=\"https:\/\/futureleadersnow.org\/\" target=\"_blank\" rel=\"noopener\">Futuros L\u00edderes de Am\u00e9rica (FLA)<\/a><\/li>\n<li><a href=\"https:\/\/www.justiceforall.org\/\" target=\"_blank\" rel=\"noopener\">Justicia para todos<\/a><\/li>\n<li><a href=\"https:\/\/lpfw.org\/\" target=\"_blank\" rel=\"noopener\">Vigilancia Forestal de Los Padres (LPFW)<\/a><\/li>\n<li><a href=\"https:\/\/www.ojairaptorcenter.org\/\" target=\"_blank\" rel=\"noopener\">Centro de rapaces de Ojai<\/a><\/li>\n<li><a href=\"https:\/\/www.ojairidersclub.org\/\" target=\"_blank\" rel=\"noopener\">Ojai Rider&#8217;s Club<\/a><\/li>\n<li><a href=\"https:\/\/firesafeojai.org\/\" target=\"_blank\" rel=\"noopener\">Consejo de Seguridad contra Incendios del Valle de Ojai<\/a><\/li>\n<li><a href=\"https:\/\/ovlc.org\/\" target=\"_blank\" rel=\"noopener\">Conservaci\u00f3n de las Tierras del Valle de Ojai (OVLC)<\/a><\/li>\n<li><a href=\"https:\/\/www.osalv.org\/\" target=\"_blank\" rel=\"noopener\">Un Paso A La Vez<\/a><\/li>\n<li><a href=\"https:\/\/www.pvrpd.org\/\" target=\"_blank\" rel=\"noopener\">Distrito de Parques y Actividades Recreativas de Pleasant Valley<\/a><\/li>\n<li><a href=\"https:\/\/www.berry.net\/\" target=\"_blank\" rel=\"noopener\">Reiter Afiliado<\/a><\/li>\n<li><a href=\"https:\/\/safepassageyouth.org\/\" target=\"_blank\" rel=\"noopener\">Fundaci\u00f3n Safe Passage Youth<\/a><\/li>\n<li><a href=\"https:\/\/www.sbck.org\/\" target=\"_blank\" rel=\"noopener\">Guardianes del Canal de Santa B\u00e1rbara<\/a><\/li>\n<li><a href=\"https:\/\/www.sbcfoodaction.org\/\" target=\"_blank\" rel=\"noopener\">Red de Acci\u00f3n Alimentaria de Santa B\u00e1rbara<\/a><\/li>\n<li><a href=\"https:\/\/www.samofund.org\/\" target=\"_blank\" rel=\"noopener\">Fondo de las Monta\u00f1as de Santa M\u00f3nica (SAMO)<\/a><\/li>\n<li><a href=\"https:\/\/www.saticoyfoodhub.org\/\" target=\"_blank\" rel=\"noopener\">Centro de distribuci\u00f3n de alimentos de Saticoy<\/a><\/li>\n<li><a href=\"https:\/\/www.soarvc.org\/\" target=\"_blank\" rel=\"noopener\">Salvemos los espacios abiertos y los recursos agr\u00edcolas (SOAR)<\/a><\/li>\n<li><a href=\"https:\/\/www.agandfoodfunders.org\/\" target=\"_blank\" rel=\"noopener\">Financiaci\u00f3n de la Agricultura y los Sistemas Alimentarios Sostenibles (SAFSF)<\/a><\/li>\n<li><a href=\"https:\/\/www.taftgardens.org\/\" target=\"_blank\" rel=\"noopener\">Jardines y reservas naturales de Taft<\/a><\/li>\n<li><a href=\"https:\/\/www.nature.org\/en-us\/\" target=\"_blank\" rel=\"noopener\">The Nature Conservancy (TNC)<\/a><\/li>\n<li><a href=\"https:\/\/www.thesealeague.org\/\" target=\"_blank\" rel=\"noopener\">La Liga del Mar<\/a><\/li>\n<li><a href=\"https:\/\/www.aquinas.edu\/offices\/sustainability-initiative\/progress\/progress-energy-conservation.html\" target=\"_blank\" rel=\"noopener\">Colegio Tom\u00e1s de Aquino<\/a><\/li>\n<li><a href=\"https:\/\/www.treepeople.org\/\" target=\"_blank\" rel=\"noopener\">TreePeople<\/a><\/li>\n<li><a href=\"https:\/\/www.tpl.org\/\" target=\"_blank\" rel=\"noopener\">Trust for Public Land (TPL)<\/a><\/li>\n<li><a href=\"https:\/\/www.vcoe.org\/enviro-ed\" target=\"_blank\" rel=\"noopener\">VCOE&#8217;s Central Coast Environmental Education Partnership Resources<\/a><\/li>\n<li><a href=\"https:\/\/www.venturaaudubon.org\/\" target=\"_blank\" rel=\"noopener\">Sociedad Audubon de Ventura<\/a><\/li>\n<li><a href=\"https:\/\/venturabotanicalgardens.com\/\" target=\"_blank\" rel=\"noopener\">Jard\u00edn Bot\u00e1nico de Ventura (VBG)<\/a><\/li>\n<li><a href=\"https:\/\/vcrcd.org\/\" target=\"_blank\" rel=\"noopener\">Distrito de Conservaci\u00f3n de Recursos del Condado de Ventura<\/a><\/li>\n<li><a href=\"https:\/\/www.goventura.org\/\" target=\"_blank\" rel=\"noopener\">Comisi\u00f3n de Transporte del Condado de Ventura (VCTC)<\/a><\/li>\n<li><a href=\"https:\/\/venturafiresafe.org\/\" target=\"_blank\" rel=\"noopener\">Consejo Regional de Ventura para la Seguridad contra Incendios (VRSFC)<\/a><\/li>\n<li><a href=\"https:\/\/www.venturalandtrust.org\/\" target=\"_blank\" rel=\"noopener\">Fondo de Tierras de Ventura (VLT)<\/a><\/li>\n<li><a href=\"https:\/\/www.wfvz.org\/\" target=\"_blank\" rel=\"noopener\">Fundaci\u00f3n Occidental de Zoolog\u00eda de Vertebrados (WFVZ) Museo de Aves y Centro de Investigaci\u00f3n<\/a><\/li>\n<\/ul>\n\t\t\t\tColaboraci\u00f3n en materia de personal medioambiental\n\t\t\t\t<p>La Environmental Workforce Collaborative aplica estrategias integrales sobre el terreno para mitigar y adaptarse a los crecientes riesgos de incendios, inundaciones y calor, fomentando al mismo tiempo una regi\u00f3n m\u00e1s sostenible. Mediante la integraci\u00f3n de la restauraci\u00f3n de h\u00e1bitats, la formaci\u00f3n en conservaci\u00f3n, el refuerzo de las viviendas y la educaci\u00f3n multicultural, los socios realizan intervenciones en las zonas m\u00e1s afectadas por los recientes incendios forestales y el aumento de las temperaturas, al tiempo que se centran en las trayectorias profesionales medioambientales y la formaci\u00f3n para crear resiliencia a largo plazo.<\/p>\n<ul>\n<li>Organizaciones asociadas: Safe Passage Youth Foundation, Concerned Resource Environmental Workers (C.R.E.W.), Santa Monica Mountains Fund, Ventura Regional Fire Safe Council y Los Padres ForestWatch.<\/li>\n<\/ul>\n<p>Funding for this collaborative was made possible through funding by Edison International.<\/p>\n\t\t\t\tCobertura m\u00e1s reciente\n\t\t\t\t<p><strong><a href=\"https:\/\/vccf.org\/es\/editorial-the-power-to-adapt-to-wildfires\/\">Editorial: El poder de adaptarse a los incendios forestales<\/a><\/strong><\/p>\n<p><a href=\"https:\/\/vccf.org\/wp-content\/uploads\/2022\/06\/power-response-newsletter-item-for-organizations-032822.docx\"><strong>Clean Power Alliance Power Response Bolet\u00edn informativo para las C\u00e1maras de Comercio, las organizaciones comunitarias y los organismos miembros - 28 de marzo de 2022<\/strong><\/a><\/p>\n<p><a href=\"https:\/\/www.vcstar.com\/story\/news\/2022\/05\/25\/ojai-woman-wins-recovery-award-work-us-rare-species-endangered-plants-channel-islands-national-park\/9832412002\/\" target=\"_blank\" rel=\"noopener\"><strong>Al borde del abismo: Una mujer de Ojai ayuda a salvar plantas amenazadas en las Islas del Canal<\/strong><\/a><\/p>\n<p><strong><a href=\"https:\/\/vccf.org\/wp-content\/uploads\/2022\/07\/clean-power-alliance-calevip-newsletter-article-july-12-2022.docx\">Quedan disponibles m\u00e1s de $1 millones en incentivos para la instalaci\u00f3n de estaciones de carga de veh\u00edculos el\u00e9ctricos en el condado de Ventura<\/a><\/strong><\/p>\n<p><strong><a href=\"https:\/\/www.vcstar.com\/story\/news\/local\/communities\/oxnard\/2023\/04\/27\/ormond-beach-oxnard-california-state-coastal-conservancy-nature-conservancy\/70147981007\/\" target=\"_blank\" rel=\"noopener\">Oxnard solicitar\u00e1 el estatus de refugio nacional de fauna salvaje para Ormond Beach<\/a><\/strong><\/p>\n<p><a href=\"https:\/\/www.washingtonpost.com\/news\/powerpost\/paloma\/powerup\/2019\/12\/06\/powerup-this-slice-of-california-shows-the-extreme-consequences-of-a-warming-earth\/5de9551988e0fa652bbbdc26\/\" target=\"_blank\" rel=\"noopener\"><strong>Energ\u00eda: Este trozo de California muestra las consecuencias extremas del calentamiento de la Tierra.<\/strong><\/a><\/p>\n<p><strong><a href=\"https:\/\/vccf.org\/es\/12-local-non-profits-granted-over-280000-to-advance-southern-california-clean-energy-initiatives\/\">12 organizaciones locales sin \u00e1nimo de lucro reciben m\u00e1s de $280.000 para impulsar iniciativas de energ\u00eda limpia en el sur de California<\/a><\/strong><\/p>\n<p><strong><a href=\"https:\/\/link.gih.org\/m\/1\/92990870\/02-b23285-3dadf74ed92c4a1aa89ef923785a976c\/4\/321\/c9f0e86f-a891-4273-8209-1eeb23facacc#\" target=\"_blank\" rel=\"noopener\">Resumen de la Encuesta 2023: Estrategias frente al cambio clim\u00e1tico<\/a><\/strong><\/p>\n<p><a href=\"https:\/\/www.vcreporter.com\/features\/access-granted-santa-clara-river-preserve-opens-to-the-public\/article_34393dbc-cb87-11ee-8848-7ff4c491c64c.html\" target=\"_blank\" rel=\"noopener\"><strong>Acceso concedido: La Reserva Fluvial de Santa Clara se abre al p\u00fablico<\/strong><\/a><\/p>","protected":false},"featured_media":455,"template":"","tags":[],"class_list":["post-181","vccf-initiatives","type-vccf-initiatives","status-publish","has-post-thumbnail","hentry","calendar_category-vccf-initiatives"],"acf":[],"_links":{"self":[{"href":"https:\/\/vccf.org\/es\/wp-json\/wp\/v2\/vccf-initiatives\/181","targetHints":{"allow":["GET"]}}],"collection":[{"href":"https:\/\/vccf.org\/es\/wp-json\/wp\/v2\/vccf-initiatives"}],"about":[{"href":"https:\/\/vccf.org\/es\/wp-json\/wp\/v2\/types\/vccf-initiatives"}],"wp:featuredmedia":[{"embeddable":true,"href":"https:\/\/vccf.org\/es\/wp-json\/wp\/v2\/media\/455"}],"wp:attachment":[{"href":"https:\/\/vccf.org\/es\/wp-json\/wp\/v2\/media?parent=181"}],"wp:term":[{"taxonomy":"post_tag","embeddable":true,"href":"https:\/\/vccf.org\/es\/wp-json\/wp\/v2\/tags?post=181"}],"curies":[{"name":"wp","href":"https:\/\/api.w.org\/{rel}","templated":true}]}}