{"id":20931,"date":"2024-06-18T15:18:26","date_gmt":"2024-06-18T15:18:26","guid":{"rendered":"https:\/\/vccf.org\/?page_id=20931"},"modified":"2025-03-18T02:52:29","modified_gmt":"2025-03-18T09:52:29","slug":"donate","status":"publish","type":"page","link":"https:\/\/vccf.org\/fr\/donate\/","title":{"rendered":"Faire un don"},"content":{"rendered":"<img loading=\"lazy\" decoding=\"async\" src=\"https:\/\/vccf.org\/wp-content\/uploads\/2024\/09\/jJqJfy3-3.png\" alt=\"-jJqJfy3 3\" itemprop=\"image\" height=\"375\" width=\"519\" title=\"-jJqJfy3 3\" onerror=\"this.style.display='none'\"  \/>\n\t\t\t<a href=\"https:\/\/vccf.org\/fr\/professional-advisor-faqs\/\" target=\"_self\">\n\t\t\t\t\t\t\tFAQ sur les conseillers professionnels\n\t\t\t\t\t<\/a>\n\tFa\u00e7ons de faire un don et<br \/>\nfaire la diff\u00e9rence<br \/>\ndans le comt\u00e9 de Ventura\n\t<p>Chaque acte de don fa\u00e7onne l'avenir de notre communaut\u00e9. Votre g\u00e9n\u00e9rosit\u00e9 alimente le progr\u00e8s, soutient ceux qui sont dans le besoin et \u00e9l\u00e8ve notre maison commune.<\/p>\n\t\t\t\t<img loading=\"lazy\" decoding=\"async\" src=\"https:\/\/vccf.org\/wp-content\/uploads\/2024\/06\/donate-3.jpg\" alt=\"donate-3\" itemprop=\"image\" height=\"756\" width=\"1098\" title=\"don-3\" onerror=\"this.style.display='none'\"  \/>\n\t\t\t<a href=\"\/fr\/donor-faqs\/\" target=\"_self\">\n\t\t\t\t\t\t\tFAQ sur les donateurs\n\t\t\t\t\t<\/a>\n\t<p>Soutien \u00e0 la mission<\/p>\n\t<p>Une contribution g\u00e9n\u00e9rale \u00e0 l'am\u00e9lioration du comt\u00e9 de Ventura, CA.<\/p>\n\t\t\t<a href=\"\/fr\/donate\/mission-support\/\" target=\"_self\">\n\t\t\t\t\t\t\tFaire un don\n\t\t\t\t\t<\/a>\n\t<p>Hommages durables<\/p>\n\t<p>C\u00e9l\u00e9brez une \u00e9tape importante. Exprimer sa gratitude. Saluer une r\u00e9ussite. Comm\u00e9morer la vie.<\/p>\n\t\t\t<a href=\"https:\/\/vccf.org\/fr\/donate\/donate-to-a-tribute-fund\/\" target=\"_self\">\n\t\t\t\t\t\t\tFaire un don en l'honneur d'une personne\n\t\t\t\t\t<\/a>\n\t<p>Fonds sp\u00e9cifiques de soutien<\/p>\n\t<p>Faites une diff\u00e9rence dans les causes qui vous tiennent \u00e0 c\u0153ur.<\/p>\n\t\t\t<a href=\"https:\/\/vccf.org\/fr\/donate\/support-specific-funds-and-initiatives\/\" target=\"_self\">\n\t\t\t\t\t\t\tFaire un don \u00e0 une cause sp\u00e9cifique\n\t\t\t\t\t<\/a>","protected":false},"excerpt":{"rendered":"<p>FAQ des conseillers professionnels Fa\u00e7ons de faire un don et de faire la diff\u00e9rence dans le comt\u00e9 de Ventura Chaque acte de don fa\u00e7onne l'avenir de notre communaut\u00e9. Votre g\u00e9n\u00e9rosit\u00e9 alimente le progr\u00e8s, soutient ceux qui sont dans le besoin et...<\/p>","protected":false},"author":9,"featured_media":0,"parent":0,"menu_order":0,"comment_status":"closed","ping_status":"closed","template":"","meta":{"_acf_changed":false,"give_campaign_id":0,"footnotes":""},"class_list":["post-20931","page","type-page","status-publish","hentry"],"acf":[],"campaignId":"","_links":{"self":[{"href":"https:\/\/vccf.org\/fr\/wp-json\/wp\/v2\/pages\/20931","targetHints":{"allow":["GET"]}}],"collection":[{"href":"https:\/\/vccf.org\/fr\/wp-json\/wp\/v2\/pages"}],"about":[{"href":"https:\/\/vccf.org\/fr\/wp-json\/wp\/v2\/types\/page"}],"author":[{"embeddable":true,"href":"https:\/\/vccf.org\/fr\/wp-json\/wp\/v2\/users\/9"}],"replies":[{"embeddable":true,"href":"https:\/\/vccf.org\/fr\/wp-json\/wp\/v2\/comments?post=20931"}],"version-history":[{"count":0,"href":"https:\/\/vccf.org\/fr\/wp-json\/wp\/v2\/pages\/20931\/revisions"}],"wp:attachment":[{"href":"https:\/\/vccf.org\/fr\/wp-json\/wp\/v2\/media?parent=20931"}],"curies":[{"name":"wp","href":"https:\/\/api.w.org\/{rel}","templated":true}]}}