{"id":181,"date":"2024-04-12T09:37:08","date_gmt":"2024-04-12T09:37:08","guid":{"rendered":"https:\/\/vccf.org\/?post_type=vccf-initiatives&#038;p=181"},"modified":"2026-04-22T10:54:41","modified_gmt":"2026-04-22T17:54:41","slug":"environmental-initiative","status":"publish","type":"vccf-initiatives","link":"https:\/\/vccf.org\/pt\/vccf-initiatives\/environmental-initiative\/","title":{"rendered":"Iniciativa ambiental"},"content":{"rendered":"<h3>\n\t\t\tAbout VCCF&#8217;s Environmental Initiative\t<\/h3>\n\t<p>O condado de Ventura foi identificado pelo Washington Post como o condado com aquecimento mais r\u00e1pido nos Estados Unidos continentais, com a temperatura m\u00e9dia do ar a aumentar 4,68 graus Fahrenheit desde o final do s\u00e9culo XIX, o dobro da m\u00e9dia global. Al\u00e9m disso, em 2021, a Ventura County Civic Alliance identificou a seca e as altera\u00e7\u00f5es clim\u00e1ticas como as maiores amea\u00e7as que a nossa comunidade enfrenta. Tornou-se crucial que a Funda\u00e7\u00e3o Comunit\u00e1ria do Condado de Ventura abordasse as mudan\u00e7as clim\u00e1ticas por meio de uma Iniciativa Ambiental.<\/p>\n\t<p>Para mais informa\u00e7\u00f5es, contactar Mike Silacci em <a href=\"mailto:msilacci@vccf.org\">msilacci@vccf.org<\/a>.<\/p>\n<figure itemscope itemtype=\"https:\/\/schema.org\/ImageObject\">\n\t\t\t\t<img decoding=\"async\" src=\"https:\/\/vccf.org\/wp-content\/uploads\/2024\/04\/2024-Environmental-Image-1.png\" alt=\"2024 Environmental Image (1)\" height=\"563\" width=\"1000\" title=\"2024 Imagem Ambiental (1)\" onerror=\"this.style.display='none'\" loading=\"lazy\" \/>\n\t<\/figure>\n<h3>\n\t\t\tIniciativa ambiental\t<\/h3>\n\t\t\t\tFunda\u00e7\u00e3o Comunit\u00e1ria Climate Collaborative\n\t\t\t\t<p>A VCCF aderiu \u00e0 Community Foundation Climate Collaborative como membro da Rede de A\u00e7\u00e3o Regional do Grande Pac\u00edfico. Este grupo centra-se na interseccionalidade do clima, da justi\u00e7a econ\u00f3mica e da transi\u00e7\u00e3o para a energia limpa; fornece resposta imediata a emerg\u00eancias e crises, ao mesmo tempo que aborda as causas profundas e apoia a resili\u00eancia a longo prazo; transfere o poder para as comunidades que foram exclu\u00eddas dos principais espa\u00e7os de tomada de decis\u00e3o; e constr\u00f3i alian\u00e7as e capacita\u00e7\u00e3o para organiza\u00e7\u00f5es sem fins lucrativos.<\/p>\n\t\t\t\tColabora\u00e7\u00e3o clim\u00e1tica da Costa Central\n\t\t\t\t<p>in 2025, VCCF joined the Central Coast Climate Collaborative (4C), an organizing platform, uniting local governments, communities, nonprofits, businesses, academia, and Tribes to collaboratively advance climate equity and resilience across California&#8217;s Central Coast region.<\/p>\n<p>4C believes that climate change is the greatest threat to humanity and all living beings, with economic and racial disparities exacerbating its impact on vulnerable communities. We must unite to address these shared challenges, recognizing that our diverse people, cultures, economies, and geography provide a unique strength. Effective solutions depend on partnership, collaboration, and transparency across organizations and communities. While urgency is critical, building trust and overcoming barriers at a collaborative pace is essential to creating lasting support systems and in the long run, the only viable solutions for society are just and equitable solutions.<\/p>\n<p>The Central Coast faces interconnected challenges, including ecosystem degradation, economic inequality, and social divisions, all exacerbated by climate threats such as sea level rise, wildfires, drought, and decreasing water supply. These issues often cross existing boundaries, making regional collaboration essential. 4C addresses these challenges by uniting local governments, communities, nonprofits, businesses, academia, and tribes to advance climate solutions and build resilience. It serves as an information hub and capacity builder, tracking funding opportunities, offering training, and hosting convenings to connect stakeholders across the region. Through these efforts, 4C works to promote equitable access to climate solutions and advocates for the unique needs of the Central Coast.<\/p>\n\t\t\t\tVisita de ausculta\u00e7\u00e3o ambiental\n\t\t\t\t<p>A VCCF embarcou em um Environmental Listening Tour em abril de 2021, depois que 76% dos doadores de um grupo de foco identificaram o meio ambiente como uma das duas principais \u00e1reas de interesse para suas doa\u00e7\u00f5es. De acordo com a Giving USA, a m\u00e9dia nacional de contribui\u00e7\u00f5es para o meio ambiente em 2022 foi de 3%, em compara\u00e7\u00e3o com 2.5% por cento das doa\u00e7\u00f5es anuais da VCCF para apoiar o meio ambiente em 2022.<\/p>\n<p>At\u00e9 \u00e0 data, mais de 50 organiza\u00e7\u00f5es, com programas no Condado de Ventura centrados em quest\u00f5es ambientais, desde justi\u00e7a ambiental, conserva\u00e7\u00e3o e restaura\u00e7\u00e3o, recupera\u00e7\u00e3o e preven\u00e7\u00e3o de inc\u00eandios florestais, recursos naturais, educa\u00e7\u00e3o de jovens, acesso a alimentos da quinta para a mesa, desenvolvimento da for\u00e7a de trabalho, e muito mais, participaram e partilharam as suas necessidades e onde a filantropia pode melhor ajudar a preencher as lacunas atrav\u00e9s do Environmental Listening Tour.<\/p>\n<p>A Ventura County Community Foundation reuniu-se com mais de 50 organiza\u00e7\u00f5es ambientais locais sem fins lucrativos e parceiros da comunidade, atrav\u00e9s do Zoom e de visitas presenciais, para conhecer as suas causas e necessidades que podem ser apoiadas atrav\u00e9s da filantropia.<\/p>\n<p><strong>Resultados da visita de ausculta\u00e7\u00e3o ambiental<\/strong><\/p>\n<ul>\n<li><b>Refor\u00e7o das capacidades:<\/b> A maioria das organiza\u00e7\u00f5es expressou a necessidade de mais subven\u00e7\u00f5es para o refor\u00e7o das capacidades e de financiamento a longo prazo, explicando que este tipo de financiamento pode ser mais dif\u00edcil de assegurar quando os seus projectos se estendem por v\u00e1rios anos, em vez de um apoio a curto prazo.<br \/>\n<b>Como \u00e9 que a VCCF est\u00e1 a colmatar esta lacuna:<\/b> A VCCF est\u00e1 a angariar fundos para apoiar as necessidades operacionais das organiza\u00e7\u00f5es ambientais sem fins lucrativos, para que possam realizar mais do seu excelente trabalho.<\/li>\n<li><b>Colabora\u00e7\u00e3o em todo o sector:<\/b> Muitas destas organiza\u00e7\u00f5es realizam um trabalho semelhante e, com uma introdu\u00e7\u00e3o atrav\u00e9s de uma iniciativa ambiental a n\u00edvel do Condado de Ventura, poderiam estabelecer rela\u00e7\u00f5es e abordar as maiores necessidades da comunidade.<br \/>\n<b>Como \u00e9 que a VCCF est\u00e1 a colmatar esta lacuna:<\/b> A VCCF est\u00e1 a facilitar ativamente parcerias e a fomentar rela\u00e7\u00f5es cont\u00ednuas entre organiza\u00e7\u00f5es ambientais de v\u00e1rios sectores, criando oportunidades para que organiza\u00e7\u00f5es que podem n\u00e3o ter trabalhado anteriormente em conjunto se liguem, partilhem conhecimentos e identifiquem objectivos comuns.<\/li>\n<li><b>Educa\u00e7\u00e3o, envolvimento e defesa da comunidade:<\/b> Quase todas as organiza\u00e7\u00f5es apelaram \u00e0 filantropia para continuar a apoiar os seus programas e iniciativas educativas e para promover os seus esfor\u00e7os de envolvimento comunit\u00e1rio. As organiza\u00e7\u00f5es explicaram os benef\u00edcios de os doadores e apoiantes filantr\u00f3picos se envolverem no seu trabalho, participando em reuni\u00f5es, visitando locais e aprendendo sobre o seu trabalho de organiza\u00e7\u00e3o, defesa de causas e envolvimento da comunidade local.<br \/>\n<b>Como \u00e9 que a VCCF est\u00e1 a colmatar esta lacuna:<\/b> A VCCF ajuda a coordenar visitas ao local e reuni\u00f5es para saber mais sobre as organiza\u00e7\u00f5es parceiras e como a filantropia pode apoiar melhor os seus programas e expandir o seu trabalho no Condado de Ventura.<\/li>\n<\/ul>\n<p>Os seguintes grupos participaram na visita de ausculta\u00e7\u00e3o ambiental da VCCF:<\/p>\n<ul>\n<li><a href=\"https:\/\/aeoe.org\/\" target=\"_blank\" rel=\"noopener\">Associa\u00e7\u00e3o para a Educa\u00e7\u00e3o Ambiental e ao Ar Livre<\/a><\/li>\n<li><a href=\"https:\/\/bikeventura.org\/the-bike-hubs\/\" target=\"_blank\" rel=\"noopener\">Bike Ventura County &#8211; Oxnard Bike HUB<\/a><\/li>\n<li><a href=\"https:\/\/scc.ca.gov\/\" target=\"_blank\" rel=\"noopener\">Conserva\u00e7\u00e3o Costeira do Estado da Calif\u00f3rnia<\/a><\/li>\n<li><a href=\"https:\/\/causenow.org\/\" target=\"_blank\" rel=\"noopener\">Alian\u00e7a da Costa Central Unida para uma Economia Sustent\u00e1vel (CAUSE)<\/a><\/li>\n<li><a href=\"https:\/\/www.centralcoastclimate.org\/\" target=\"_blank\" rel=\"noopener\">Colabora\u00e7\u00e3o clim\u00e1tica da Costa Central<\/a><\/li>\n<li><a href=\"https:\/\/www.cccjn.org\/\" target=\"_blank\" rel=\"noopener\">Rede de Justi\u00e7a Clim\u00e1tica da Costa Central (C3JN)<\/a><\/li>\n<li><a href=\"https:\/\/channelislands.noaa.gov\/\" target=\"_blank\" rel=\"noopener\">Santu\u00e1rio Marinho Nacional das Ilhas do Canal<\/a><\/li>\n<li><a href=\"https:\/\/cleanpoweralliance.org\/\" target=\"_blank\" rel=\"noopener\">Alian\u00e7a para a Energia Limpa (CPA)<\/a><\/li>\n<li><a href=\"https:\/\/cfrog.org\/\" target=\"_blank\" rel=\"noopener\">Prioridade ao clima, substitui\u00e7\u00e3o do petr\u00f3leo e do g\u00e1s (CFROG)<\/a><\/li>\n<li><a href=\"https:\/\/www.climaterealityproject.org\/\" target=\"_blank\" rel=\"noopener\">Projeto Realidade Clim\u00e1tica, Cap\u00edtulo de Ventura<\/a><\/li>\n<li><a href=\"https:\/\/cecsb.org\/\" target=\"_blank\" rel=\"noopener\">Conselho Comunit\u00e1rio do Ambiente (CEC)<\/a><\/li>\n<li><a href=\"https:\/\/www.crewojai.org\/\" target=\"_blank\" rel=\"noopener\">Trabalhadores preocupados com os recursos e o ambiente (CREW)<\/a><\/li>\n<li><a href=\"https:\/\/sustain.ventura.org\/\" target=\"_blank\" rel=\"noopener\">Divis\u00e3o de Sustentabilidade do Condado de Ventura<\/a><\/li>\n<li><a href=\"https:\/\/www.ctc4c.org\/\" target=\"_blank\" rel=\"noopener\">Atravessar o Canal da Mancha por uma causa<\/a><\/li>\n<li><a href=\"https:\/\/www.environmentaldefensecenter.org\/\" target=\"_blank\" rel=\"noopener\">Centro de Defesa Ambiental (EDC)<\/a><\/li>\n<li><a href=\"https:\/\/foodforward.org\/\" target=\"_blank\" rel=\"noopener\">Alimentos para a frente<\/a><\/li>\n<li><a href=\"https:\/\/fscr.org\/\" target=\"_blank\" rel=\"noopener\">Amigos do Rio Santa Clara<\/a><\/li>\n<li><a href=\"https:\/\/futureleadersnow.org\/\" target=\"_blank\" rel=\"noopener\">Futuros L\u00edderes da Am\u00e9rica (FLA)<\/a><\/li>\n<li><a href=\"https:\/\/www.justiceforall.org\/\" target=\"_blank\" rel=\"noopener\">Justi\u00e7a para todos<\/a><\/li>\n<li><a href=\"https:\/\/lpfw.org\/\" target=\"_blank\" rel=\"noopener\">Observat\u00f3rio Florestal de Los Padres (LPFW)<\/a><\/li>\n<li><a href=\"https:\/\/www.ojairaptorcenter.org\/\" target=\"_blank\" rel=\"noopener\">Centro de Raptor de Ojai<\/a><\/li>\n<li><a href=\"https:\/\/www.ojairidersclub.org\/\" target=\"_blank\" rel=\"noopener\">Ojai Rider&#8217;s Club<\/a><\/li>\n<li><a href=\"https:\/\/firesafeojai.org\/\" target=\"_blank\" rel=\"noopener\">Conselho de Seguran\u00e7a contra Inc\u00eandios do Vale do Ojai<\/a><\/li>\n<li><a href=\"https:\/\/ovlc.org\/\" target=\"_blank\" rel=\"noopener\">Conserva\u00e7\u00e3o de terras do vale do Ojai (OVLC)<\/a><\/li>\n<li><a href=\"https:\/\/www.osalv.org\/\" target=\"_blank\" rel=\"noopener\">Um passo \u00e0 frente<\/a><\/li>\n<li><a href=\"https:\/\/www.pvrpd.org\/\" target=\"_blank\" rel=\"noopener\">Distrito recreativo e de parques de Pleasant Valley<\/a><\/li>\n<li><a href=\"https:\/\/www.berry.net\/\" target=\"_blank\" rel=\"noopener\">Reiter Affiliated<\/a><\/li>\n<li><a href=\"https:\/\/safepassageyouth.org\/\" target=\"_blank\" rel=\"noopener\">Funda\u00e7\u00e3o Safe Passage Youth<\/a><\/li>\n<li><a href=\"https:\/\/www.sbck.org\/\" target=\"_blank\" rel=\"noopener\">Guardi\u00e3o do Canal de Santa B\u00e1rbara<\/a><\/li>\n<li><a href=\"https:\/\/www.sbcfoodaction.org\/\" target=\"_blank\" rel=\"noopener\">Rede de A\u00e7\u00e3o Alimentar de Santa B\u00e1rbara<\/a><\/li>\n<li><a href=\"https:\/\/www.samofund.org\/\" target=\"_blank\" rel=\"noopener\">Fundo das Montanhas de Santa M\u00f3nica (SAMO)<\/a><\/li>\n<li><a href=\"https:\/\/www.saticoyfoodhub.org\/\" target=\"_blank\" rel=\"noopener\">Centro Alimentar de Saticoy<\/a><\/li>\n<li><a href=\"https:\/\/www.soarvc.org\/\" target=\"_blank\" rel=\"noopener\">Salvaguardar os espa\u00e7os abertos e os recursos agr\u00edcolas (SOAR)<\/a><\/li>\n<li><a href=\"https:\/\/www.agandfoodfunders.org\/\" target=\"_blank\" rel=\"noopener\">Financiadores de Agricultura Sustent\u00e1vel e Sistemas Alimentares (SAFSF)<\/a><\/li>\n<li><a href=\"https:\/\/www.taftgardens.org\/\" target=\"_blank\" rel=\"noopener\">Jardins e reservas naturais de Taft<\/a><\/li>\n<li><a href=\"https:\/\/www.nature.org\/en-us\/\" target=\"_blank\" rel=\"noopener\">The Nature Conservancy (TNC)<\/a><\/li>\n<li><a href=\"https:\/\/www.thesealeague.org\/\" target=\"_blank\" rel=\"noopener\">A Liga do Mar<\/a><\/li>\n<li><a href=\"https:\/\/www.aquinas.edu\/offices\/sustainability-initiative\/progress\/progress-energy-conservation.html\" target=\"_blank\" rel=\"noopener\">Col\u00e9gio Tom\u00e1s de Aquino<\/a><\/li>\n<li><a href=\"https:\/\/www.treepeople.org\/\" target=\"_blank\" rel=\"noopener\">Pessoas da \u00c1rvore<\/a><\/li>\n<li><a href=\"https:\/\/www.tpl.org\/\" target=\"_blank\" rel=\"noopener\">Trust for Public Land (TPL)<\/a><\/li>\n<li><a href=\"https:\/\/www.vcoe.org\/enviro-ed\" target=\"_blank\" rel=\"noopener\">VCOE&#8217;s Central Coast Environmental Education Partnership Resources<\/a><\/li>\n<li><a href=\"https:\/\/www.venturaaudubon.org\/\" target=\"_blank\" rel=\"noopener\">Sociedade de Audubon de Ventura<\/a><\/li>\n<li><a href=\"https:\/\/venturabotanicalgardens.com\/\" target=\"_blank\" rel=\"noopener\">Jardim Bot\u00e2nico de Ventura (VBG)<\/a><\/li>\n<li><a href=\"https:\/\/vcrcd.org\/\" target=\"_blank\" rel=\"noopener\">Distrito de Conserva\u00e7\u00e3o de Recursos do Condado de Ventura<\/a><\/li>\n<li><a href=\"https:\/\/www.goventura.org\/\" target=\"_blank\" rel=\"noopener\">Comiss\u00e3o de Transportes do Condado de Ventura (VCTC)<\/a><\/li>\n<li><a href=\"https:\/\/venturafiresafe.org\/\" target=\"_blank\" rel=\"noopener\">Conselho Regional de Seguran\u00e7a contra Inc\u00eandios de Ventura (VRSFC)<\/a><\/li>\n<li><a href=\"https:\/\/www.venturalandtrust.org\/\" target=\"_blank\" rel=\"noopener\">Fundo de terras de Ventura (VLT)<\/a><\/li>\n<li><a href=\"https:\/\/www.wfvz.org\/\" target=\"_blank\" rel=\"noopener\">Western Foundation of Vertebrate Zoology (WFVZ) Museu das Aves e Centro de Investiga\u00e7\u00e3o<\/a><\/li>\n<\/ul>\n\t\t\t\tColabora\u00e7\u00e3o entre os trabalhadores do sector do ambiente\n\t\t\t\t<p>A Environmental Workforce Collaborative implementa estrat\u00e9gias abrangentes e pr\u00e1ticas para mitigar e adaptar-se aos riscos crescentes de inc\u00eandios, inunda\u00e7\u00f5es e calor, ao mesmo tempo que promove uma regi\u00e3o mais sustent\u00e1vel. Ao integrar a recupera\u00e7\u00e3o de habitats, a forma\u00e7\u00e3o em conserva\u00e7\u00e3o, o refor\u00e7o das habita\u00e7\u00f5es e a educa\u00e7\u00e3o multicultural, os parceiros realizam interven\u00e7\u00f5es nas \u00e1reas mais afectadas pelos recentes inc\u00eandios florestais e pela subida das temperaturas, centrando-se simultaneamente em percursos profissionais no dom\u00ednio do ambiente e na forma\u00e7\u00e3o para criar resili\u00eancia a longo prazo.<\/p>\n<ul>\n<li>Organiza\u00e7\u00f5es parceiras: Safe Passage Youth Foundation, Concerned Resource Environmental Workers (C.R.E.W.), Santa Monica Mountains Fund, Ventura Regional Fire Safe Council e Los Padres ForestWatch<\/li>\n<\/ul>\n<p>Funding for this collaborative was made possible through funding by Edison International.<\/p>\n\t\t\t\tCobertura mais recente\n\t\t\t\t<p><strong><a href=\"https:\/\/vccf.org\/pt\/editorial-the-power-to-adapt-to-wildfires\/\">Editorial: O poder de adapta\u00e7\u00e3o aos inc\u00eandios florestais<\/a><\/strong><\/p>\n<p><a href=\"https:\/\/vccf.org\/wp-content\/uploads\/2022\/06\/power-response-newsletter-item-for-organizations-032822.docx\"><strong>Item do boletim informativo da Clean Power Alliance Power Response para as c\u00e2maras de com\u00e9rcio, CBOs e ag\u00eancias membros - 28 de mar\u00e7o de 2022<\/strong><\/a><\/p>\n<p><a href=\"https:\/\/www.vcstar.com\/story\/news\/2022\/05\/25\/ojai-woman-wins-recovery-award-work-us-rare-species-endangered-plants-channel-islands-national-park\/9832412002\/\" target=\"_blank\" rel=\"noopener\"><strong>A recuperar da beira do abismo: Mulher de Ojai ajuda a salvar plantas em perigo de extin\u00e7\u00e3o nas Ilhas do Canal<\/strong><\/a><\/p>\n<p><strong><a href=\"https:\/\/vccf.org\/wp-content\/uploads\/2022\/07\/clean-power-alliance-calevip-newsletter-article-july-12-2022.docx\">Mais de $1 milh\u00f5es de euros em incentivos continuam dispon\u00edveis para a instala\u00e7\u00e3o de esta\u00e7\u00f5es de carregamento de ve\u00edculos el\u00e9ctricos no condado de Ventura<\/a><\/strong><\/p>\n<p><strong><a href=\"https:\/\/www.vcstar.com\/story\/news\/local\/communities\/oxnard\/2023\/04\/27\/ormond-beach-oxnard-california-state-coastal-conservancy-nature-conservancy\/70147981007\/\" target=\"_blank\" rel=\"noopener\">Oxnard vai pedir o estatuto de ref\u00fagio nacional de vida selvagem para Ormond Beach<\/a><\/strong><\/p>\n<p><a href=\"https:\/\/www.washingtonpost.com\/news\/powerpost\/paloma\/powerup\/2019\/12\/06\/powerup-this-slice-of-california-shows-the-extreme-consequences-of-a-warming-earth\/5de9551988e0fa652bbbdc26\/\" target=\"_blank\" rel=\"noopener\"><strong>Ligar: Esta fatia da Calif\u00f3rnia mostra as consequ\u00eancias extremas de uma Terra em aquecimento<\/strong><\/a><\/p>\n<p><strong><a href=\"https:\/\/vccf.org\/pt\/12-local-non-profits-granted-over-280000-to-advance-southern-california-clean-energy-initiatives\/\">12 organiza\u00e7\u00f5es sem fins lucrativos locais receberam mais de $280.000 para promover iniciativas de energia limpa no sul da Calif\u00f3rnia<\/a><\/strong><\/p>\n<p><strong><a href=\"https:\/\/link.gih.org\/m\/1\/92990870\/02-b23285-3dadf74ed92c4a1aa89ef923785a976c\/4\/321\/c9f0e86f-a891-4273-8209-1eeb23facacc#\" target=\"_blank\" rel=\"noopener\">Resumo do inqu\u00e9rito de 2023: Estrat\u00e9gias para as altera\u00e7\u00f5es clim\u00e1ticas<\/a><\/strong><\/p>\n<p><a href=\"https:\/\/www.vcreporter.com\/features\/access-granted-santa-clara-river-preserve-opens-to-the-public\/article_34393dbc-cb87-11ee-8848-7ff4c491c64c.html\" target=\"_blank\" rel=\"noopener\"><strong>Acesso permitido: A Reserva do Rio Santa Clara abre ao p\u00fablico<\/strong><\/a><\/p>","protected":false},"featured_media":455,"template":"","tags":[],"class_list":["post-181","vccf-initiatives","type-vccf-initiatives","status-publish","has-post-thumbnail","hentry","calendar_category-vccf-initiatives"],"acf":[],"_links":{"self":[{"href":"https:\/\/vccf.org\/pt\/wp-json\/wp\/v2\/vccf-initiatives\/181","targetHints":{"allow":["GET"]}}],"collection":[{"href":"https:\/\/vccf.org\/pt\/wp-json\/wp\/v2\/vccf-initiatives"}],"about":[{"href":"https:\/\/vccf.org\/pt\/wp-json\/wp\/v2\/types\/vccf-initiatives"}],"wp:featuredmedia":[{"embeddable":true,"href":"https:\/\/vccf.org\/pt\/wp-json\/wp\/v2\/media\/455"}],"wp:attachment":[{"href":"https:\/\/vccf.org\/pt\/wp-json\/wp\/v2\/media?parent=181"}],"wp:term":[{"taxonomy":"post_tag","embeddable":true,"href":"https:\/\/vccf.org\/pt\/wp-json\/wp\/v2\/tags?post=181"}],"curies":[{"name":"wp","href":"https:\/\/api.w.org\/{rel}","templated":true}]}}